{"id":193,"date":"2020-05-28T09:08:53","date_gmt":"2020-05-28T09:08:53","guid":{"rendered":"http:\/\/www.kerisalo.fi\/?page_id=193"},"modified":"2023-10-15T06:17:05","modified_gmt":"2023-10-15T06:17:05","slug":"kerisalon-kylayhdistys","status":"publish","type":"page","link":"http:\/\/www.kerisalo.fi\/?page_id=193","title":{"rendered":"Kerisalon Kyl\u00e4yhdistys"},"content":{"rendered":"\n<p>Kerisalon ky\u00e4yhdistys on vuonna 2012 entisen kyl\u00e4toimikunnan ty\u00f6t\u00e4 jatkamaan perustettu<br>yhdistys.<br>Teht\u00e4v\u00e4n\u00e4mme ja tarkoituksenamme on palvella kyl\u00e4l\u00e4isi\u00e4 ja kehitt\u00e4\u00e4 kyl\u00e4\u00e4 heid\u00e4n<br>tarpeidensa ja toiveidensa mukaan.<br>Iloksemme saamme tehd\u00e4 t\u00e4t\u00e4 ty\u00f6t\u00e4 yhdess\u00e4 kyl\u00e4n muiden seurojen kanssa.<br>Olemme saaneet kyl\u00e4yhdistyksen hallitukseen my\u00f6s edustajat yhteisty\u00f6kylilt\u00e4mme<br>Riuttasista, Kotkankyl\u00e4lt\u00e4,<br>Joroisniemelt\u00e4 ja Kerisalonsaarelta: kun pienill\u00e4 kylill\u00e4 perustarpeet kuitenkin ovat samat,<br>on asioita hyv\u00e4 ajaa eteenp\u00e4in yksiss\u00e4tuumin.<br>Kyl\u00e4yhdistys my\u00f6s edustaa kyl\u00e4n \u00e4\u00e4nt\u00e4 viranomasiten, EU.n, valtion, kunnan ja muiden<br>organisaatioiden suuntaan. Jos jokin siis painaa mielt\u00e4 niin ole rohkeasti yhteydess\u00e4!<br>Kyl\u00e4yhdistyst\u00e4 voit my\u00f6s seurata facebookissa sek\u00e4 twitteriss\u00e4 joissa ajankohtaisista asioista<br>kuulutetaan.<\/p>\n\n\n\n<p><br><strong>Yhteystiedot:<\/strong><br>Puheenjohtaja: Markku Hyv\u00f6nen, p.o40 0218180, makehy58@gmail.com<br>Varapuheenjohtaja: Petri Kilpel\u00e4inen, p.o443318371, kilpepe@gmail.com<br>Sihteeri: Heidi Hyv\u00f6nen, p.o405740620, kahlaamisto@gmail.com<br>Tomi Hyt\u00f6nen, p.o440982174, tomi@hytonen.org<br>Veli Immonen, p.o503475003, veimmonen@gmail.com<br>Pasi Lattunen, p.o400275008, pasi.lattunen@pp.inet.f<\/p>\n","protected":false},"excerpt":{"rendered":"<p>Kerisalon ky\u00e4yhdistys on vuonna 2012 entisen kyl\u00e4toimikunnan ty\u00f6t\u00e4 jatkamaan perustettuyhdistys.Teht\u00e4v\u00e4n\u00e4mme ja tarkoituksenamme on palvella kyl\u00e4l\u00e4isi\u00e4 ja kehitt\u00e4\u00e4 kyl\u00e4\u00e4 heid\u00e4ntarpeidensa ja toiveidensa mukaan.Iloksemme saamme tehd\u00e4 t\u00e4t\u00e4 ty\u00f6t\u00e4 yhdess\u00e4 kyl\u00e4n muiden seurojen kanssa.Olemme saaneet kyl\u00e4yhdistyksen hallitukseen my\u00f6s edustajat yhteisty\u00f6kylilt\u00e4mmeRiuttasista, Kotkankyl\u00e4lt\u00e4,Joroisniemelt\u00e4 ja Kerisalonsaarelta: kun pienill\u00e4 kylill\u00e4 perustarpeet kuitenkin ovat samat,on asioita hyv\u00e4 ajaa eteenp\u00e4in yksiss\u00e4tuumin.Kyl\u00e4yhdistys my\u00f6s edustaa kyl\u00e4n \u00e4\u00e4nt\u00e4 viranomasiten, EU.n, valtion, kunnan ja muidenorganisaatioiden suuntaan. Jos jokin siis painaa mielt\u00e4 niin ole rohkeasti yhteydess\u00e4!Kyl\u00e4yhdistyst\u00e4 voit my\u00f6s seurata&hellip; <\/p>\n","protected":false},"author":2,"featured_media":320,"parent":0,"menu_order":0,"comment_status":"closed","ping_status":"closed","template":"","meta":{"_monsterinsights_skip_tracking":false,"_monsterinsights_sitenote_active":false,"_monsterinsights_sitenote_note":"","_monsterinsights_sitenote_category":0,"footnotes":""},"_links":{"self":[{"href":"http:\/\/www.kerisalo.fi\/index.php?rest_route=\/wp\/v2\/pages\/193"}],"collection":[{"href":"http:\/\/www.kerisalo.fi\/index.php?rest_route=\/wp\/v2\/pages"}],"about":[{"href":"http:\/\/www.kerisalo.fi\/index.php?rest_route=\/wp\/v2\/types\/page"}],"author":[{"embeddable":true,"href":"http:\/\/www.kerisalo.fi\/index.php?rest_route=\/wp\/v2\/users\/2"}],"replies":[{"embeddable":true,"href":"http:\/\/www.kerisalo.fi\/index.php?rest_route=%2Fwp%2Fv2%2Fcomments&post=193"}],"version-history":[{"count":12,"href":"http:\/\/www.kerisalo.fi\/index.php?rest_route=\/wp\/v2\/pages\/193\/revisions"}],"predecessor-version":[{"id":916,"href":"http:\/\/www.kerisalo.fi\/index.php?rest_route=\/wp\/v2\/pages\/193\/revisions\/916"}],"wp:featuredmedia":[{"embeddable":true,"href":"http:\/\/www.kerisalo.fi\/index.php?rest_route=\/wp\/v2\/media\/320"}],"wp:attachment":[{"href":"http:\/\/www.kerisalo.fi\/index.php?rest_route=%2Fwp%2Fv2%2Fmedia&parent=193"}],"curies":[{"name":"wp","href":"https:\/\/api.w.org\/{rel}","templated":true}]}}